{"id":6023,"date":"2020-03-05T21:26:08","date_gmt":"2020-03-05T21:26:08","guid":{"rendered":"http:\/\/fincaelmorisco.com.w01a58ea.kasserver.com\/?page_id=6023"},"modified":"2022-11-12T12:30:35","modified_gmt":"2022-11-12T11:30:35","slug":"fiesta-der-sinne-auf-andalusisch","status":"publish","type":"page","link":"https:\/\/fincaelmorisco.com\/?page_id=6023","title":{"rendered":"\u00a1Fiesta der Sinne auf andalusisch!"},"content":{"rendered":"\t\t<div data-elementor-type=\"wp-page\" data-elementor-id=\"6023\" class=\"elementor elementor-6023\">\n\t\t\t\t\t\t<section class=\"elementor-section elementor-top-section elementor-element elementor-element-b8eebed elementor-section-boxed elementor-section-height-default elementor-section-height-default\" data-id=\"b8eebed\" data-element_type=\"section\" data-e-type=\"section\">\n\t\t\t\t\t\t<div class=\"elementor-container elementor-column-gap-default\">\n\t\t\t\t\t<div class=\"elementor-column elementor-col-100 elementor-top-column elementor-element elementor-element-0624a9c\" data-id=\"0624a9c\" data-element_type=\"column\" data-e-type=\"column\">\n\t\t\t<div class=\"elementor-widget-wrap elementor-element-populated\">\n\t\t\t\t\t\t<div class=\"elementor-element elementor-element-36a4086 elementor-widget elementor-widget-heading\" data-id=\"36a4086\" data-element_type=\"widget\" data-e-type=\"widget\" data-widget_type=\"heading.default\">\n\t\t\t\t\t<h1 class=\"elementor-heading-title elementor-size-default\">\u00a1 Fiesta der Sinne auf andalusich !<\/h1>\t\t\t\t<\/div>\n\t\t\t\t<div class=\"elementor-element elementor-element-4ba34be elementor-invisible elementor-widget elementor-widget-heading\" data-id=\"4ba34be\" data-element_type=\"widget\" data-e-type=\"widget\" data-settings=\"{&quot;_animation&quot;:&quot;zoomInDown&quot;}\" data-widget_type=\"heading.default\">\n\t\t\t\t\t<h4 class=\"elementor-heading-title elementor-size-default\">Andalusien hautnah ersp\u00fcren kannst du auf der\nFinca el Morisco!<\/h4>\t\t\t\t<\/div>\n\t\t\t\t\t<\/div>\n\t\t<\/div>\n\t\t\t\t\t<\/div>\n\t\t<\/section>\n\t\t\t\t<section class=\"elementor-section elementor-top-section elementor-element elementor-element-11fba69 elementor-section-boxed elementor-section-height-default elementor-section-height-default\" data-id=\"11fba69\" data-element_type=\"section\" data-e-type=\"section\">\n\t\t\t\t\t\t<div class=\"elementor-container elementor-column-gap-default\">\n\t\t\t\t\t<div class=\"elementor-column elementor-col-50 elementor-top-column elementor-element elementor-element-93a1328\" data-id=\"93a1328\" data-element_type=\"column\" data-e-type=\"column\">\n\t\t\t<div class=\"elementor-widget-wrap elementor-element-populated\">\n\t\t\t\t\t\t<div class=\"elementor-element elementor-element-fd4a0b5 elementor-invisible elementor-widget elementor-widget-image\" data-id=\"fd4a0b5\" data-element_type=\"widget\" data-e-type=\"widget\" data-settings=\"{&quot;_animation&quot;:&quot;zoomInLeft&quot;}\" data-widget_type=\"image.default\">\n\t\t\t\t\t\t\t\t\t\t\t\t\t\t\t\t<a href=\"https:\/\/fincaelmorisco.com\/wp-content\/uploads\/2022\/02\/Auf-dem-Weg-zum-Pool-Finca-el-Morisco-\u00a9-2020-b.jpg\" data-elementor-open-lightbox=\"yes\" data-elementor-lightbox-title=\"Auf dem Weg zum Pool\" data-e-action-hash=\"#elementor-action%3Aaction%3Dlightbox%26settings%3DeyJpZCI6MTExNDAsInVybCI6Imh0dHBzOlwvXC9maW5jYWVsbW9yaXNjby5jb21cL3dwLWNvbnRlbnRcL3VwbG9hZHNcLzIwMjJcLzAyXC9BdWYtZGVtLVdlZy16dW0tUG9vbC1GaW5jYS1lbC1Nb3Jpc2NvLVx1MDBhOS0yMDIwLWIuanBnIn0%3D\">\n\t\t\t\t\t\t\t<img fetchpriority=\"high\" decoding=\"async\" width=\"1011\" height=\"458\" src=\"https:\/\/fincaelmorisco.com\/wp-content\/uploads\/2022\/02\/Auf-dem-Weg-zum-Pool-Finca-el-Morisco-\u00a9-2020-b.jpg\" class=\"elementor-animation-wobble-horizontal attachment-large size-large wp-image-11140\" alt=\"\" srcset=\"https:\/\/fincaelmorisco.com\/wp-content\/uploads\/2022\/02\/Auf-dem-Weg-zum-Pool-Finca-el-Morisco-\u00a9-2020-b.jpg 1011w, https:\/\/fincaelmorisco.com\/wp-content\/uploads\/2022\/02\/Auf-dem-Weg-zum-Pool-Finca-el-Morisco-\u00a9-2020-b-300x136.jpg 300w, https:\/\/fincaelmorisco.com\/wp-content\/uploads\/2022\/02\/Auf-dem-Weg-zum-Pool-Finca-el-Morisco-\u00a9-2020-b-768x348.jpg 768w\" sizes=\"(max-width: 1011px) 100vw, 1011px\" \/>\t\t\t\t\t\t\t\t<\/a>\n\t\t\t\t\t\t\t\t\t\t\t\t\t\t\t<\/div>\n\t\t\t\t\t<\/div>\n\t\t<\/div>\n\t\t\t\t<div class=\"elementor-column elementor-col-50 elementor-top-column elementor-element elementor-element-c4ced68\" data-id=\"c4ced68\" data-element_type=\"column\" data-e-type=\"column\">\n\t\t\t<div class=\"elementor-widget-wrap elementor-element-populated\">\n\t\t\t\t\t\t<div class=\"elementor-element elementor-element-367e0e1 elementor-invisible elementor-widget elementor-widget-text-editor\" data-id=\"367e0e1\" data-element_type=\"widget\" data-e-type=\"widget\" data-settings=\"{&quot;_animation&quot;:&quot;fadeInLeft&quot;}\" data-widget_type=\"text-editor.default\">\n\t\t\t\t\t\t\t\t\t<p>Die Finca el Morisco liegt 20 km \u00f6stlich von M\u00e1laga auf einem H\u00fcgelplateau umgeben von gr\u00fcner Finca-Landschaft.<\/p><p>Sie l\u00e4dt Dich ein, ihre Erde unter Deinen Fusssohlen, die andalusische Sonne auf der Haut &amp; die mit Meeresduft geladene Luft in den Haaren zu sp\u00fcren.<\/p><p>Deine Nase wird sich am Duft von mehreren Hundert B\u00e4umen und ihren Bl\u00fcten und Fr\u00fcchten erfreuen.<\/p>\t\t\t\t\t\t\t\t<\/div>\n\t\t\t\t\t<\/div>\n\t\t<\/div>\n\t\t\t\t\t<\/div>\n\t\t<\/section>\n\t\t\t\t<section class=\"elementor-section elementor-top-section elementor-element elementor-element-df13ae4 elementor-section-boxed elementor-section-height-default elementor-section-height-default\" data-id=\"df13ae4\" data-element_type=\"section\" data-e-type=\"section\">\n\t\t\t\t\t\t<div class=\"elementor-container elementor-column-gap-default\">\n\t\t\t\t\t<div class=\"elementor-column elementor-col-100 elementor-top-column elementor-element elementor-element-be5c3c9\" data-id=\"be5c3c9\" data-element_type=\"column\" data-e-type=\"column\">\n\t\t\t<div class=\"elementor-widget-wrap elementor-element-populated\">\n\t\t\t\t\t\t<div class=\"elementor-element elementor-element-daf6287 elementor-widget elementor-widget-spacer\" data-id=\"daf6287\" data-element_type=\"widget\" data-e-type=\"widget\" data-widget_type=\"spacer.default\">\n\t\t\t\t\t\t\t<div class=\"elementor-spacer\">\n\t\t\t<div class=\"elementor-spacer-inner\"><\/div>\n\t\t<\/div>\n\t\t\t\t\t\t<\/div>\n\t\t\t\t<div class=\"elementor-element elementor-element-9e0d09f elementor-invisible elementor-widget elementor-widget-text-editor\" data-id=\"9e0d09f\" data-element_type=\"widget\" data-e-type=\"widget\" data-settings=\"{&quot;_animation&quot;:&quot;fadeInDown&quot;}\" data-widget_type=\"text-editor.default\">\n\t\t\t\t\t\t\t\t\t<p>Die exponierte Lage der Finca l\u00e4sst Deinen Blick wunderbar leicht bis an den Meereshorizont wandern. Zu Fu\u00df erreichst Du das 1,5 km entfernte Meer in etwa 30 Minuten.<\/p><p>F\u00fchle Dich umarmt von dem ca. 7 ha weitl\u00e4ufigen Finca Gel\u00e4nde, das Dich zum Verweilen im Olivenhain oder dem kleinen Palmenwald einl\u00e4dt.<br \/>Finde verwinkelte Wohlf\u00fchlecken, Ruhe- und Kraftpl\u00e4tze die Dich gerne inspirieren und entspannen.<\/p>\t\t\t\t\t\t\t\t<\/div>\n\t\t\t\t\t<\/div>\n\t\t<\/div>\n\t\t\t\t\t<\/div>\n\t\t<\/section>\n\t\t\t\t<section class=\"elementor-section elementor-top-section elementor-element elementor-element-2481aed elementor-section-boxed elementor-section-height-default elementor-section-height-default\" data-id=\"2481aed\" data-element_type=\"section\" data-e-type=\"section\">\n\t\t\t\t\t\t<div class=\"elementor-container elementor-column-gap-default\">\n\t\t\t\t\t<div class=\"elementor-column elementor-col-50 elementor-top-column elementor-element elementor-element-68f40de\" data-id=\"68f40de\" data-element_type=\"column\" data-e-type=\"column\">\n\t\t\t<div class=\"elementor-widget-wrap elementor-element-populated\">\n\t\t\t\t\t\t<div class=\"elementor-element elementor-element-a6dcb50 elementor-widget elementor-widget-text-editor\" data-id=\"a6dcb50\" data-element_type=\"widget\" data-e-type=\"widget\" data-widget_type=\"text-editor.default\">\n\t\t\t\t\t\t\t\t\t<p>Die Obstb\u00e4ume auf der Finca beschenken uns mit Fr\u00fcchten wie Mango, Granatapfel, Avocado, Feigen, Zitronen, Orangen und Papaya, die darauf warten, von Dir als Finca Gast verzehrt zu werden.<\/p>\t\t\t\t\t\t\t\t<\/div>\n\t\t\t\t<div class=\"elementor-element elementor-element-e8a66a4 elementor-widget elementor-widget-image\" data-id=\"e8a66a4\" data-element_type=\"widget\" data-e-type=\"widget\" data-widget_type=\"image.default\">\n\t\t\t\t\t\t\t\t\t\t\t\t\t\t\t\t<a href=\"https:\/\/fincaelmorisco.com\/wp-content\/uploads\/2021\/04\/Finca-El-Morisco-19-e1594753967422.jpg\" data-elementor-open-lightbox=\"yes\" data-elementor-lightbox-title=\"Veganes und vegetarisches Buffet\" data-e-action-hash=\"#elementor-action%3Aaction%3Dlightbox%26settings%3DeyJpZCI6MTExMDksInVybCI6Imh0dHBzOlwvXC9maW5jYWVsbW9yaXNjby5jb21cL3dwLWNvbnRlbnRcL3VwbG9hZHNcLzIwMjFcLzA0XC9GaW5jYS1FbC1Nb3Jpc2NvLTE5LWUxNTk0NzUzOTY3NDIyLmpwZyJ9\">\n\t\t\t\t\t\t\t<img decoding=\"async\" width=\"837\" height=\"586\" src=\"https:\/\/fincaelmorisco.com\/wp-content\/uploads\/2021\/04\/Finca-El-Morisco-19-e1594753967422.jpg\" class=\"elementor-animation-shrink attachment-large size-large wp-image-11109\" alt=\"\" srcset=\"https:\/\/fincaelmorisco.com\/wp-content\/uploads\/2021\/04\/Finca-El-Morisco-19-e1594753967422.jpg 837w, https:\/\/fincaelmorisco.com\/wp-content\/uploads\/2021\/04\/Finca-El-Morisco-19-e1594753967422-300x210.jpg 300w, https:\/\/fincaelmorisco.com\/wp-content\/uploads\/2021\/04\/Finca-El-Morisco-19-e1594753967422-768x538.jpg 768w\" sizes=\"(max-width: 837px) 100vw, 837px\" \/>\t\t\t\t\t\t\t\t<\/a>\n\t\t\t\t\t\t\t\t\t\t\t\t\t\t\t<\/div>\n\t\t\t\t<div class=\"elementor-element elementor-element-59a1a8b elementor-widget elementor-widget-text-editor\" data-id=\"59a1a8b\" data-element_type=\"widget\" data-e-type=\"widget\" data-widget_type=\"text-editor.default\">\n\t\t\t\t\t\t\t\t\t<p>Weiter geht es in das vegetarisch\/vegane Restaurant, wo ein reichhaltiges Tagesb\u00fcffet inklusive aller Getr\u00e4nke auf Dich wartet. Der Garten bietet Gem\u00fcse aus mehr als 50-j\u00e4hrigem biologischem Anbau, das wir ebenfalls f\u00fcr die Zubereitung der Mahlzeiten verwenden.<\/p>\t\t\t\t\t\t\t\t<\/div>\n\t\t\t\t\t<\/div>\n\t\t<\/div>\n\t\t\t\t<div class=\"elementor-column elementor-col-50 elementor-top-column elementor-element elementor-element-03d34c9\" data-id=\"03d34c9\" data-element_type=\"column\" data-e-type=\"column\">\n\t\t\t<div class=\"elementor-widget-wrap elementor-element-populated\">\n\t\t\t\t\t\t<div class=\"elementor-element elementor-element-68a1e9e elementor-invisible elementor-widget elementor-widget-image\" data-id=\"68a1e9e\" data-element_type=\"widget\" data-e-type=\"widget\" data-settings=\"{&quot;_animation&quot;:&quot;fadeInDown&quot;}\" data-widget_type=\"image.default\">\n\t\t\t\t\t\t\t\t\t\t\t\t\t\t\t\t<a href=\"https:\/\/fincaelmorisco.com\/wp-content\/uploads\/2021\/04\/Finca-El-Morisco-21-1.jpg\" data-elementor-open-lightbox=\"yes\" data-elementor-lightbox-title=\"Unser Biogarten\" data-e-action-hash=\"#elementor-action%3Aaction%3Dlightbox%26settings%3DeyJpZCI6MTExMTUsInVybCI6Imh0dHBzOlwvXC9maW5jYWVsbW9yaXNjby5jb21cL3dwLWNvbnRlbnRcL3VwbG9hZHNcLzIwMjFcLzA0XC9GaW5jYS1FbC1Nb3Jpc2NvLTIxLTEuanBnIn0%3D\">\n\t\t\t\t\t\t\t<img decoding=\"async\" width=\"1024\" height=\"768\" src=\"https:\/\/fincaelmorisco.com\/wp-content\/uploads\/2021\/04\/Finca-El-Morisco-21-1.jpg\" class=\"attachment-large size-large wp-image-11115\" alt=\"\" srcset=\"https:\/\/fincaelmorisco.com\/wp-content\/uploads\/2021\/04\/Finca-El-Morisco-21-1.jpg 1024w, https:\/\/fincaelmorisco.com\/wp-content\/uploads\/2021\/04\/Finca-El-Morisco-21-1-300x225.jpg 300w, https:\/\/fincaelmorisco.com\/wp-content\/uploads\/2021\/04\/Finca-El-Morisco-21-1-768x576.jpg 768w, https:\/\/fincaelmorisco.com\/wp-content\/uploads\/2021\/04\/Finca-El-Morisco-21-1-380x285.jpg 380w, https:\/\/fincaelmorisco.com\/wp-content\/uploads\/2021\/04\/Finca-El-Morisco-21-1-285x214.jpg 285w\" sizes=\"(max-width: 1024px) 100vw, 1024px\" \/>\t\t\t\t\t\t\t\t<\/a>\n\t\t\t\t\t\t\t\t\t\t\t\t\t\t\t<\/div>\n\t\t\t\t\t<\/div>\n\t\t<\/div>\n\t\t\t\t\t<\/div>\n\t\t<\/section>\n\t\t\t\t<section class=\"elementor-section elementor-top-section elementor-element elementor-element-66cbd15 elementor-section-boxed elementor-section-height-default elementor-section-height-default\" data-id=\"66cbd15\" data-element_type=\"section\" data-e-type=\"section\">\n\t\t\t\t\t\t<div class=\"elementor-container elementor-column-gap-default\">\n\t\t\t\t\t<div class=\"elementor-column elementor-col-100 elementor-top-column elementor-element elementor-element-ba04ee0\" data-id=\"ba04ee0\" data-element_type=\"column\" data-e-type=\"column\">\n\t\t\t<div class=\"elementor-widget-wrap elementor-element-populated\">\n\t\t\t\t\t\t<div class=\"elementor-element elementor-element-9431869 elementor-widget elementor-widget-spacer\" data-id=\"9431869\" data-element_type=\"widget\" data-e-type=\"widget\" data-widget_type=\"spacer.default\">\n\t\t\t\t\t\t\t<div class=\"elementor-spacer\">\n\t\t\t<div class=\"elementor-spacer-inner\"><\/div>\n\t\t<\/div>\n\t\t\t\t\t\t<\/div>\n\t\t\t\t\t<\/div>\n\t\t<\/div>\n\t\t\t\t\t<\/div>\n\t\t<\/section>\n\t\t\t\t<section class=\"elementor-section elementor-top-section elementor-element elementor-element-544449e elementor-section-boxed elementor-section-height-default elementor-section-height-default\" data-id=\"544449e\" data-element_type=\"section\" data-e-type=\"section\">\n\t\t\t\t\t\t<div class=\"elementor-container elementor-column-gap-default\">\n\t\t\t\t\t<div class=\"elementor-column elementor-col-50 elementor-top-column elementor-element elementor-element-6ef7bb7\" data-id=\"6ef7bb7\" data-element_type=\"column\" data-e-type=\"column\">\n\t\t\t<div class=\"elementor-widget-wrap elementor-element-populated\">\n\t\t\t\t\t\t<div class=\"elementor-element elementor-element-7ebead3 elementor-invisible elementor-widget elementor-widget-text-editor\" data-id=\"7ebead3\" data-element_type=\"widget\" data-e-type=\"widget\" data-settings=\"{&quot;_animation&quot;:&quot;zoomInUp&quot;}\" data-widget_type=\"text-editor.default\">\n\t\t\t\t\t\t\t\t\t<p>H\u00e4ngematten, Sonnenliegen, ein einladender Pool, Sauna und Massageangebote warten darauf Deinem K\u00f6rper Wohlsein zu bescheren.<\/p>\t\t\t\t\t\t\t\t<\/div>\n\t\t\t\t<div class=\"elementor-element elementor-element-2f3eafd animated-slow elementor-invisible elementor-widget elementor-widget-image\" data-id=\"2f3eafd\" data-element_type=\"widget\" data-e-type=\"widget\" data-settings=\"{&quot;_animation&quot;:&quot;zoomInDown&quot;,&quot;_animation_delay&quot;:300}\" data-widget_type=\"image.default\">\n\t\t\t\t\t\t\t\t\t\t\t\t\t\t\t\t<a href=\"https:\/\/fincaelmorisco.com\/wp-content\/uploads\/2022\/02\/IMG_20200225_192717-scaled.jpg\" data-elementor-open-lightbox=\"yes\" data-elementor-lightbox-title=\"Abends am Pool\" data-e-action-hash=\"#elementor-action%3Aaction%3Dlightbox%26settings%3DeyJpZCI6MTExNDMsInVybCI6Imh0dHBzOlwvXC9maW5jYWVsbW9yaXNjby5jb21cL3dwLWNvbnRlbnRcL3VwbG9hZHNcLzIwMjJcLzAyXC9JTUdfMjAyMDAyMjVfMTkyNzE3LXNjYWxlZC5qcGcifQ%3D%3D\">\n\t\t\t\t\t\t\t<img loading=\"lazy\" decoding=\"async\" width=\"1024\" height=\"768\" src=\"https:\/\/fincaelmorisco.com\/wp-content\/uploads\/2022\/02\/IMG_20200225_192717-1024x768.jpg\" class=\"attachment-large size-large wp-image-11143\" alt=\"\" srcset=\"https:\/\/fincaelmorisco.com\/wp-content\/uploads\/2022\/02\/IMG_20200225_192717-1024x768.jpg 1024w, https:\/\/fincaelmorisco.com\/wp-content\/uploads\/2022\/02\/IMG_20200225_192717-300x225.jpg 300w, https:\/\/fincaelmorisco.com\/wp-content\/uploads\/2022\/02\/IMG_20200225_192717-768x576.jpg 768w, https:\/\/fincaelmorisco.com\/wp-content\/uploads\/2022\/02\/IMG_20200225_192717-1536x1152.jpg 1536w, https:\/\/fincaelmorisco.com\/wp-content\/uploads\/2022\/02\/IMG_20200225_192717-2048x1536.jpg 2048w, https:\/\/fincaelmorisco.com\/wp-content\/uploads\/2022\/02\/IMG_20200225_192717-380x285.jpg 380w, https:\/\/fincaelmorisco.com\/wp-content\/uploads\/2022\/02\/IMG_20200225_192717-285x214.jpg 285w\" sizes=\"(max-width: 1024px) 100vw, 1024px\" \/>\t\t\t\t\t\t\t\t<\/a>\n\t\t\t\t\t\t\t\t\t\t\t\t\t\t\t<\/div>\n\t\t\t\t\t<\/div>\n\t\t<\/div>\n\t\t\t\t<div class=\"elementor-column elementor-col-50 elementor-top-column elementor-element elementor-element-8c6d796\" data-id=\"8c6d796\" data-element_type=\"column\" data-e-type=\"column\">\n\t\t\t<div class=\"elementor-widget-wrap elementor-element-populated\">\n\t\t\t\t\t\t<div class=\"elementor-element elementor-element-ba17389 animated-slow elementor-invisible elementor-widget elementor-widget-image\" data-id=\"ba17389\" data-element_type=\"widget\" data-e-type=\"widget\" data-settings=\"{&quot;_animation&quot;:&quot;zoomIn&quot;}\" data-widget_type=\"image.default\">\n\t\t\t\t\t\t\t\t\t\t\t\t\t\t\t\t<a href=\"https:\/\/fincaelmorisco.com\/wp-content\/uploads\/2022\/02\/Seminarhalle-1-scaled.jpg\" data-elementor-open-lightbox=\"yes\" data-elementor-lightbox-title=\"Seminarhalle\" data-e-action-hash=\"#elementor-action%3Aaction%3Dlightbox%26settings%3DeyJpZCI6MTExNTMsInVybCI6Imh0dHBzOlwvXC9maW5jYWVsbW9yaXNjby5jb21cL3dwLWNvbnRlbnRcL3VwbG9hZHNcLzIwMjJcLzAyXC9TZW1pbmFyaGFsbGUtMS1zY2FsZWQuanBnIn0%3D\">\n\t\t\t\t\t\t\t<img loading=\"lazy\" decoding=\"async\" width=\"1024\" height=\"768\" src=\"https:\/\/fincaelmorisco.com\/wp-content\/uploads\/2022\/02\/Seminarhalle-1-1024x768.jpg\" class=\"attachment-large size-large wp-image-11153\" alt=\"\" srcset=\"https:\/\/fincaelmorisco.com\/wp-content\/uploads\/2022\/02\/Seminarhalle-1-1024x768.jpg 1024w, https:\/\/fincaelmorisco.com\/wp-content\/uploads\/2022\/02\/Seminarhalle-1-300x225.jpg 300w, https:\/\/fincaelmorisco.com\/wp-content\/uploads\/2022\/02\/Seminarhalle-1-768x576.jpg 768w, https:\/\/fincaelmorisco.com\/wp-content\/uploads\/2022\/02\/Seminarhalle-1-1536x1152.jpg 1536w, https:\/\/fincaelmorisco.com\/wp-content\/uploads\/2022\/02\/Seminarhalle-1-2048x1536.jpg 2048w, https:\/\/fincaelmorisco.com\/wp-content\/uploads\/2022\/02\/Seminarhalle-1-380x285.jpg 380w, https:\/\/fincaelmorisco.com\/wp-content\/uploads\/2022\/02\/Seminarhalle-1-285x214.jpg 285w\" sizes=\"(max-width: 1024px) 100vw, 1024px\" \/>\t\t\t\t\t\t\t\t<\/a>\n\t\t\t\t\t\t\t\t\t\t\t\t\t\t\t<\/div>\n\t\t\t\t<div class=\"elementor-element elementor-element-6f09b3f elementor-invisible elementor-widget elementor-widget-text-editor\" data-id=\"6f09b3f\" data-element_type=\"widget\" data-e-type=\"widget\" data-settings=\"{&quot;_animation&quot;:&quot;slideInRight&quot;}\" data-widget_type=\"text-editor.default\">\n\t\t\t\t\t\t\t\t\t<p>F\u00fcr Deine Yogapraxis steht ein 125 Quadratmeter\u00a0 gro\u00dfer Seminarraum zur Verf\u00fcgung, f\u00fcr die k\u00fchlere Jahreszeit ist er mit einer Fu\u00dfbodenheizung ausgestattet.<\/p>\t\t\t\t\t\t\t\t<\/div>\n\t\t\t\t\t<\/div>\n\t\t<\/div>\n\t\t\t\t\t<\/div>\n\t\t<\/section>\n\t\t\t\t<section class=\"elementor-section elementor-top-section elementor-element elementor-element-7a1dfaa elementor-section-boxed elementor-section-height-default elementor-section-height-default\" data-id=\"7a1dfaa\" data-element_type=\"section\" data-e-type=\"section\">\n\t\t\t\t\t\t<div class=\"elementor-container elementor-column-gap-default\">\n\t\t\t\t\t<div class=\"elementor-column elementor-col-100 elementor-top-column elementor-element elementor-element-bc832aa\" data-id=\"bc832aa\" data-element_type=\"column\" data-e-type=\"column\">\n\t\t\t<div class=\"elementor-widget-wrap elementor-element-populated\">\n\t\t\t\t\t\t<div class=\"elementor-element elementor-element-387729f elementor-widget elementor-widget-spacer\" data-id=\"387729f\" data-element_type=\"widget\" data-e-type=\"widget\" data-widget_type=\"spacer.default\">\n\t\t\t\t\t\t\t<div class=\"elementor-spacer\">\n\t\t\t<div class=\"elementor-spacer-inner\"><\/div>\n\t\t<\/div>\n\t\t\t\t\t\t<\/div>\n\t\t\t\t\t<\/div>\n\t\t<\/div>\n\t\t\t\t\t<\/div>\n\t\t<\/section>\n\t\t\t\t<section class=\"elementor-section elementor-top-section elementor-element elementor-element-991e943 elementor-section-boxed elementor-section-height-default elementor-section-height-default\" data-id=\"991e943\" data-element_type=\"section\" data-e-type=\"section\">\n\t\t\t\t\t\t<div class=\"elementor-container elementor-column-gap-default\">\n\t\t\t\t\t<div class=\"elementor-column elementor-col-100 elementor-top-column elementor-element elementor-element-1d9d257\" data-id=\"1d9d257\" data-element_type=\"column\" data-e-type=\"column\">\n\t\t\t<div class=\"elementor-widget-wrap elementor-element-populated\">\n\t\t\t\t\t\t<div class=\"elementor-element elementor-element-4b38821 elementor-invisible elementor-widget elementor-widget-text-editor\" data-id=\"4b38821\" data-element_type=\"widget\" data-e-type=\"widget\" data-settings=\"{&quot;_animation&quot;:&quot;bounceInDown&quot;}\" data-widget_type=\"text-editor.default\">\n\t\t\t\t\t\t\t\t\t<p>In 20 klimatisierten und beheizten Zweibettzimmern k\u00f6nnen unsere Finca G\u00e4ste zur Ruhe kommen. Wir bitten darum auf die Finca el Morisco keine Haustiere mitzubringen! \u00a0<\/p>\t\t\t\t\t\t\t\t<\/div>\n\t\t\t\t\t<\/div>\n\t\t<\/div>\n\t\t\t\t\t<\/div>\n\t\t<\/section>\n\t\t\t\t<section class=\"elementor-section elementor-top-section elementor-element elementor-element-62baa8b elementor-section-boxed elementor-section-height-default elementor-section-height-default\" data-id=\"62baa8b\" data-element_type=\"section\" data-e-type=\"section\">\n\t\t\t\t\t\t<div class=\"elementor-container elementor-column-gap-default\">\n\t\t\t\t\t<div class=\"elementor-column elementor-col-33 elementor-top-column elementor-element elementor-element-3f3733e\" data-id=\"3f3733e\" data-element_type=\"column\" data-e-type=\"column\">\n\t\t\t<div class=\"elementor-widget-wrap elementor-element-populated\">\n\t\t\t\t\t\t<div class=\"elementor-element elementor-element-bba6b8a elementor-invisible elementor-widget elementor-widget-image\" data-id=\"bba6b8a\" data-element_type=\"widget\" data-e-type=\"widget\" data-settings=\"{&quot;_animation&quot;:&quot;rotateIn&quot;}\" data-widget_type=\"image.default\">\n\t\t\t\t\t\t\t\t\t\t\t\t\t\t\t\t<a href=\"https:\/\/fincaelmorisco.com\/wp-content\/uploads\/2022\/02\/Finca-Zimmer-3-scaled.jpg\" data-elementor-open-lightbox=\"yes\" data-elementor-lightbox-title=\"Finca Zimmer mit K\u00fcchenecke\" data-e-action-hash=\"#elementor-action%3Aaction%3Dlightbox%26settings%3DeyJpZCI6MTExNjIsInVybCI6Imh0dHBzOlwvXC9maW5jYWVsbW9yaXNjby5jb21cL3dwLWNvbnRlbnRcL3VwbG9hZHNcLzIwMjJcLzAyXC9GaW5jYS1aaW1tZXItMy1zY2FsZWQuanBnIn0%3D\">\n\t\t\t\t\t\t\t<img loading=\"lazy\" decoding=\"async\" width=\"1024\" height=\"768\" src=\"https:\/\/fincaelmorisco.com\/wp-content\/uploads\/2022\/02\/Finca-Zimmer-3-1024x768.jpg\" class=\"attachment-large size-large wp-image-11162\" alt=\"\" srcset=\"https:\/\/fincaelmorisco.com\/wp-content\/uploads\/2022\/02\/Finca-Zimmer-3-1024x768.jpg 1024w, https:\/\/fincaelmorisco.com\/wp-content\/uploads\/2022\/02\/Finca-Zimmer-3-300x225.jpg 300w, https:\/\/fincaelmorisco.com\/wp-content\/uploads\/2022\/02\/Finca-Zimmer-3-768x576.jpg 768w, https:\/\/fincaelmorisco.com\/wp-content\/uploads\/2022\/02\/Finca-Zimmer-3-1536x1152.jpg 1536w, https:\/\/fincaelmorisco.com\/wp-content\/uploads\/2022\/02\/Finca-Zimmer-3-2048x1536.jpg 2048w, https:\/\/fincaelmorisco.com\/wp-content\/uploads\/2022\/02\/Finca-Zimmer-3-380x285.jpg 380w, https:\/\/fincaelmorisco.com\/wp-content\/uploads\/2022\/02\/Finca-Zimmer-3-285x214.jpg 285w\" sizes=\"(max-width: 1024px) 100vw, 1024px\" \/>\t\t\t\t\t\t\t\t<\/a>\n\t\t\t\t\t\t\t\t\t\t\t\t\t\t\t<\/div>\n\t\t\t\t\t<\/div>\n\t\t<\/div>\n\t\t\t\t<div class=\"elementor-column elementor-col-33 elementor-top-column elementor-element elementor-element-4f55062\" data-id=\"4f55062\" data-element_type=\"column\" data-e-type=\"column\">\n\t\t\t<div class=\"elementor-widget-wrap elementor-element-populated\">\n\t\t\t\t\t\t<div class=\"elementor-element elementor-element-696fc0e elementor-invisible elementor-widget elementor-widget-image\" data-id=\"696fc0e\" data-element_type=\"widget\" data-e-type=\"widget\" data-settings=\"{&quot;_animation&quot;:&quot;rotateIn&quot;,&quot;_animation_delay&quot;:400}\" data-widget_type=\"image.default\">\n\t\t\t\t\t\t\t\t\t\t\t\t\t\t\t\t<a href=\"https:\/\/fincaelmorisco.com\/wp-content\/uploads\/2022\/02\/Finca-Zimmer-scaled.jpg\" data-elementor-open-lightbox=\"yes\" data-elementor-lightbox-title=\"Finca Zimmer\" data-e-action-hash=\"#elementor-action%3Aaction%3Dlightbox%26settings%3DeyJpZCI6MTExNjUsInVybCI6Imh0dHBzOlwvXC9maW5jYWVsbW9yaXNjby5jb21cL3dwLWNvbnRlbnRcL3VwbG9hZHNcLzIwMjJcLzAyXC9GaW5jYS1aaW1tZXItc2NhbGVkLmpwZyJ9\">\n\t\t\t\t\t\t\t<img loading=\"lazy\" decoding=\"async\" width=\"1024\" height=\"768\" src=\"https:\/\/fincaelmorisco.com\/wp-content\/uploads\/2022\/02\/Finca-Zimmer-1024x768.jpg\" class=\"attachment-large size-large wp-image-11165\" alt=\"\" srcset=\"https:\/\/fincaelmorisco.com\/wp-content\/uploads\/2022\/02\/Finca-Zimmer-1024x768.jpg 1024w, https:\/\/fincaelmorisco.com\/wp-content\/uploads\/2022\/02\/Finca-Zimmer-300x225.jpg 300w, https:\/\/fincaelmorisco.com\/wp-content\/uploads\/2022\/02\/Finca-Zimmer-768x576.jpg 768w, https:\/\/fincaelmorisco.com\/wp-content\/uploads\/2022\/02\/Finca-Zimmer-1536x1152.jpg 1536w, https:\/\/fincaelmorisco.com\/wp-content\/uploads\/2022\/02\/Finca-Zimmer-2048x1536.jpg 2048w, https:\/\/fincaelmorisco.com\/wp-content\/uploads\/2022\/02\/Finca-Zimmer-380x285.jpg 380w, https:\/\/fincaelmorisco.com\/wp-content\/uploads\/2022\/02\/Finca-Zimmer-285x214.jpg 285w\" sizes=\"(max-width: 1024px) 100vw, 1024px\" \/>\t\t\t\t\t\t\t\t<\/a>\n\t\t\t\t\t\t\t\t\t\t\t\t\t\t\t<\/div>\n\t\t\t\t\t<\/div>\n\t\t<\/div>\n\t\t\t\t<div class=\"elementor-column elementor-col-33 elementor-top-column elementor-element elementor-element-a5d661a\" data-id=\"a5d661a\" data-element_type=\"column\" data-e-type=\"column\">\n\t\t\t<div class=\"elementor-widget-wrap elementor-element-populated\">\n\t\t\t\t\t\t<div class=\"elementor-element elementor-element-4b43593 elementor-invisible elementor-widget elementor-widget-image\" data-id=\"4b43593\" data-element_type=\"widget\" data-e-type=\"widget\" data-settings=\"{&quot;_animation&quot;:&quot;rotateIn&quot;,&quot;_animation_delay&quot;:600}\" data-widget_type=\"image.default\">\n\t\t\t\t\t\t\t\t\t\t\t\t\t\t\t\t<a href=\"https:\/\/fincaelmorisco.com\/wp-content\/uploads\/2022\/02\/Finca-Zimmer-1-scaled.jpg\" data-elementor-open-lightbox=\"yes\" data-elementor-lightbox-title=\"Finca Zimmer\" data-e-action-hash=\"#elementor-action%3Aaction%3Dlightbox%26settings%3DeyJpZCI6MTExNTYsInVybCI6Imh0dHBzOlwvXC9maW5jYWVsbW9yaXNjby5jb21cL3dwLWNvbnRlbnRcL3VwbG9hZHNcLzIwMjJcLzAyXC9GaW5jYS1aaW1tZXItMS1zY2FsZWQuanBnIn0%3D\">\n\t\t\t\t\t\t\t<img loading=\"lazy\" decoding=\"async\" width=\"1024\" height=\"768\" src=\"https:\/\/fincaelmorisco.com\/wp-content\/uploads\/2022\/02\/Finca-Zimmer-1-1024x768.jpg\" class=\"attachment-large size-large wp-image-11156\" alt=\"\" srcset=\"https:\/\/fincaelmorisco.com\/wp-content\/uploads\/2022\/02\/Finca-Zimmer-1-1024x768.jpg 1024w, https:\/\/fincaelmorisco.com\/wp-content\/uploads\/2022\/02\/Finca-Zimmer-1-300x225.jpg 300w, https:\/\/fincaelmorisco.com\/wp-content\/uploads\/2022\/02\/Finca-Zimmer-1-768x576.jpg 768w, https:\/\/fincaelmorisco.com\/wp-content\/uploads\/2022\/02\/Finca-Zimmer-1-1536x1152.jpg 1536w, https:\/\/fincaelmorisco.com\/wp-content\/uploads\/2022\/02\/Finca-Zimmer-1-2048x1536.jpg 2048w, https:\/\/fincaelmorisco.com\/wp-content\/uploads\/2022\/02\/Finca-Zimmer-1-380x285.jpg 380w, https:\/\/fincaelmorisco.com\/wp-content\/uploads\/2022\/02\/Finca-Zimmer-1-285x214.jpg 285w\" sizes=\"(max-width: 1024px) 100vw, 1024px\" \/>\t\t\t\t\t\t\t\t<\/a>\n\t\t\t\t\t\t\t\t\t\t\t\t\t\t\t<\/div>\n\t\t\t\t\t<\/div>\n\t\t<\/div>\n\t\t\t\t\t<\/div>\n\t\t<\/section>\n\t\t\t\t<section class=\"elementor-section elementor-top-section elementor-element elementor-element-5b99128 elementor-section-boxed elementor-section-height-default elementor-section-height-default\" data-id=\"5b99128\" data-element_type=\"section\" data-e-type=\"section\">\n\t\t\t\t\t\t<div class=\"elementor-container elementor-column-gap-default\">\n\t\t\t\t\t<div class=\"elementor-column elementor-col-100 elementor-top-column elementor-element elementor-element-6eebbf4\" data-id=\"6eebbf4\" data-element_type=\"column\" data-e-type=\"column\">\n\t\t\t<div class=\"elementor-widget-wrap elementor-element-populated\">\n\t\t\t\t\t\t<div class=\"elementor-element elementor-element-fe2e839 e-transform e-transform elementor-invisible elementor-widget elementor-widget-text-editor\" data-id=\"fe2e839\" data-element_type=\"widget\" data-e-type=\"widget\" data-settings=\"{&quot;_animation&quot;:&quot;flash&quot;,&quot;_transform_translateX_effect&quot;:{&quot;unit&quot;:&quot;px&quot;,&quot;size&quot;:158,&quot;sizes&quot;:[]},&quot;_transform_translateY_effect&quot;:{&quot;unit&quot;:&quot;px&quot;,&quot;size&quot;:12,&quot;sizes&quot;:[]},&quot;_transform_scale_effect_hover&quot;:{&quot;unit&quot;:&quot;px&quot;,&quot;size&quot;:1.1999999999999999555910790149937383830547332763671875,&quot;sizes&quot;:[]},&quot;_transform_translateX_effect_tablet&quot;:{&quot;unit&quot;:&quot;px&quot;,&quot;size&quot;:&quot;&quot;,&quot;sizes&quot;:[]},&quot;_transform_translateX_effect_mobile&quot;:{&quot;unit&quot;:&quot;px&quot;,&quot;size&quot;:&quot;&quot;,&quot;sizes&quot;:[]},&quot;_transform_translateY_effect_tablet&quot;:{&quot;unit&quot;:&quot;px&quot;,&quot;size&quot;:&quot;&quot;,&quot;sizes&quot;:[]},&quot;_transform_translateY_effect_mobile&quot;:{&quot;unit&quot;:&quot;px&quot;,&quot;size&quot;:&quot;&quot;,&quot;sizes&quot;:[]},&quot;_transform_scale_effect_hover_tablet&quot;:{&quot;unit&quot;:&quot;px&quot;,&quot;size&quot;:&quot;&quot;,&quot;sizes&quot;:[]},&quot;_transform_scale_effect_hover_mobile&quot;:{&quot;unit&quot;:&quot;px&quot;,&quot;size&quot;:&quot;&quot;,&quot;sizes&quot;:[]}}\" data-widget_type=\"text-editor.default\">\n\t\t\t\t\t\t\t\t\t<p>Wir freuen uns auf Deinen Besuch,<\/p><p>liebe Gr\u00fcsse aus Andalusien,<br \/>Dein <b>Morisco-Team<\/b><\/p>\t\t\t\t\t\t\t\t<\/div>\n\t\t\t\t\t<\/div>\n\t\t<\/div>\n\t\t\t\t\t<\/div>\n\t\t<\/section>\n\t\t\t\t<\/div>\n\t\t","protected":false},"excerpt":{"rendered":"<p>\u00a1 Fiesta der Sinne auf andalusich ! Andalusien hautnah ersp\u00fcren kannst du auf der Finca el Morisco! Die Finca el Morisco liegt 20 km \u00f6stlich von M\u00e1laga auf einem H\u00fcgelplateau umgeben von gr\u00fcner Finca-Landschaft. Sie l\u00e4dt Dich ein, ihre Erde <a class=\"more-link\" href=\"https:\/\/fincaelmorisco.com\/?page_id=6023\">weiterlesen&#8230;<\/a><\/p>\n","protected":false},"author":1,"featured_media":0,"parent":0,"menu_order":0,"comment_status":"closed","ping_status":"closed","template":"","meta":{"_exactmetrics_skip_tracking":false,"_exactmetrics_sitenote_active":false,"_exactmetrics_sitenote_note":"","_exactmetrics_sitenote_category":0,"footnotes":""},"class_list":["post-6023","page","type-page","status-publish","hentry"],"yoast_head":"<!-- This site is optimized with the Yoast SEO plugin v27.4 - https:\/\/yoast.com\/product\/yoast-seo-wordpress\/ -->\n<title>\u00a1Fiesta der Sinne auf andalusisch! - Finca el Morisco<\/title>\n<meta name=\"robots\" content=\"index, follow, max-snippet:-1, max-image-preview:large, max-video-preview:-1\" \/>\n<link rel=\"canonical\" href=\"https:\/\/fincaelmorisco.com\/?page_id=6023\" \/>\n<meta property=\"og:locale\" content=\"de_DE\" \/>\n<meta property=\"og:type\" content=\"article\" \/>\n<meta property=\"og:title\" content=\"\u00a1Fiesta der Sinne auf andalusisch! - Finca el Morisco\" \/>\n<meta property=\"og:description\" content=\"\u00a1 Fiesta der Sinne auf andalusich ! Andalusien hautnah ersp\u00fcren kannst du auf der Finca el Morisco! Die Finca el Morisco liegt 20 km \u00f6stlich von M\u00e1laga auf einem H\u00fcgelplateau umgeben von gr\u00fcner Finca-Landschaft. Sie l\u00e4dt Dich ein, ihre Erde weiterlesen...\" \/>\n<meta property=\"og:url\" content=\"https:\/\/fincaelmorisco.com\/?page_id=6023\" \/>\n<meta property=\"og:site_name\" content=\"Finca el Morisco\" \/>\n<meta property=\"article:modified_time\" content=\"2022-11-12T11:30:35+00:00\" \/>\n<meta property=\"og:image\" content=\"https:\/\/fincaelmorisco.com\/wp-content\/uploads\/2021\/04\/Finca-El-Morisco-19-e1594753967422.jpg\" \/>\n<meta name=\"twitter:card\" content=\"summary_large_image\" \/>\n<meta name=\"twitter:label1\" content=\"Gesch\u00e4tzte Lesezeit\" \/>\n\t<meta name=\"twitter:data1\" content=\"4\u00a0Minuten\" \/>\n<script type=\"application\/ld+json\" class=\"yoast-schema-graph\">{\"@context\":\"https:\\\/\\\/schema.org\",\"@graph\":[{\"@type\":\"WebPage\",\"@id\":\"https:\\\/\\\/fincaelmorisco.com\\\/?page_id=6023\",\"url\":\"https:\\\/\\\/fincaelmorisco.com\\\/?page_id=6023\",\"name\":\"\u00a1Fiesta der Sinne auf andalusisch! - Finca el Morisco\",\"isPartOf\":{\"@id\":\"https:\\\/\\\/fincaelmorisco.com\\\/#website\"},\"primaryImageOfPage\":{\"@id\":\"https:\\\/\\\/fincaelmorisco.com\\\/?page_id=6023#primaryimage\"},\"image\":{\"@id\":\"https:\\\/\\\/fincaelmorisco.com\\\/?page_id=6023#primaryimage\"},\"thumbnailUrl\":\"https:\\\/\\\/fincaelmorisco.com\\\/wp-content\\\/uploads\\\/2021\\\/04\\\/Finca-El-Morisco-19-e1594753967422.jpg\",\"datePublished\":\"2020-03-05T21:26:08+00:00\",\"dateModified\":\"2022-11-12T11:30:35+00:00\",\"breadcrumb\":{\"@id\":\"https:\\\/\\\/fincaelmorisco.com\\\/?page_id=6023#breadcrumb\"},\"inLanguage\":\"de\",\"potentialAction\":[{\"@type\":\"ReadAction\",\"target\":[\"https:\\\/\\\/fincaelmorisco.com\\\/?page_id=6023\"]}]},{\"@type\":\"ImageObject\",\"inLanguage\":\"de\",\"@id\":\"https:\\\/\\\/fincaelmorisco.com\\\/?page_id=6023#primaryimage\",\"url\":\"https:\\\/\\\/fincaelmorisco.com\\\/wp-content\\\/uploads\\\/2021\\\/04\\\/Finca-El-Morisco-19-e1594753967422.jpg\",\"contentUrl\":\"https:\\\/\\\/fincaelmorisco.com\\\/wp-content\\\/uploads\\\/2021\\\/04\\\/Finca-El-Morisco-19-e1594753967422.jpg\",\"width\":837,\"height\":586},{\"@type\":\"BreadcrumbList\",\"@id\":\"https:\\\/\\\/fincaelmorisco.com\\\/?page_id=6023#breadcrumb\",\"itemListElement\":[{\"@type\":\"ListItem\",\"position\":1,\"name\":\"Home\",\"item\":\"https:\\\/\\\/fincaelmorisco.com\\\/\"},{\"@type\":\"ListItem\",\"position\":2,\"name\":\"\u00a1Fiesta der Sinne auf andalusisch!\"}]},{\"@type\":\"WebSite\",\"@id\":\"https:\\\/\\\/fincaelmorisco.com\\\/#website\",\"url\":\"https:\\\/\\\/fincaelmorisco.com\\\/\",\"name\":\"Finca el Morisco\",\"description\":\"Yogaurlaub in Andalusien Finca El Morisco\",\"publisher\":{\"@id\":\"https:\\\/\\\/fincaelmorisco.com\\\/#organization\"},\"potentialAction\":[{\"@type\":\"SearchAction\",\"target\":{\"@type\":\"EntryPoint\",\"urlTemplate\":\"https:\\\/\\\/fincaelmorisco.com\\\/?s={search_term_string}\"},\"query-input\":{\"@type\":\"PropertyValueSpecification\",\"valueRequired\":true,\"valueName\":\"search_term_string\"}}],\"inLanguage\":\"de\"},{\"@type\":\"Organization\",\"@id\":\"https:\\\/\\\/fincaelmorisco.com\\\/#organization\",\"name\":\"Finca El Morisco\",\"url\":\"https:\\\/\\\/fincaelmorisco.com\\\/\",\"logo\":{\"@type\":\"ImageObject\",\"inLanguage\":\"de\",\"@id\":\"https:\\\/\\\/fincaelmorisco.com\\\/#\\\/schema\\\/logo\\\/image\\\/\",\"url\":\"https:\\\/\\\/fincaelmorisco.com\\\/wp-content\\\/uploads\\\/2022\\\/02\\\/Finca-El-Morisco-Logo.png\",\"contentUrl\":\"https:\\\/\\\/fincaelmorisco.com\\\/wp-content\\\/uploads\\\/2022\\\/02\\\/Finca-El-Morisco-Logo.png\",\"width\":521,\"height\":123,\"caption\":\"Finca El Morisco\"},\"image\":{\"@id\":\"https:\\\/\\\/fincaelmorisco.com\\\/#\\\/schema\\\/logo\\\/image\\\/\"}}]}<\/script>\n<!-- \/ Yoast SEO plugin. -->","yoast_head_json":{"title":"\u00a1Fiesta der Sinne auf andalusisch! - Finca el Morisco","robots":{"index":"index","follow":"follow","max-snippet":"max-snippet:-1","max-image-preview":"max-image-preview:large","max-video-preview":"max-video-preview:-1"},"canonical":"https:\/\/fincaelmorisco.com\/?page_id=6023","og_locale":"de_DE","og_type":"article","og_title":"\u00a1Fiesta der Sinne auf andalusisch! - Finca el Morisco","og_description":"\u00a1 Fiesta der Sinne auf andalusich ! Andalusien hautnah ersp\u00fcren kannst du auf der Finca el Morisco! Die Finca el Morisco liegt 20 km \u00f6stlich von M\u00e1laga auf einem H\u00fcgelplateau umgeben von gr\u00fcner Finca-Landschaft. Sie l\u00e4dt Dich ein, ihre Erde weiterlesen...","og_url":"https:\/\/fincaelmorisco.com\/?page_id=6023","og_site_name":"Finca el Morisco","article_modified_time":"2022-11-12T11:30:35+00:00","og_image":[{"url":"https:\/\/fincaelmorisco.com\/wp-content\/uploads\/2021\/04\/Finca-El-Morisco-19-e1594753967422.jpg","type":"","width":"","height":""}],"twitter_card":"summary_large_image","twitter_misc":{"Gesch\u00e4tzte Lesezeit":"4\u00a0Minuten"},"schema":{"@context":"https:\/\/schema.org","@graph":[{"@type":"WebPage","@id":"https:\/\/fincaelmorisco.com\/?page_id=6023","url":"https:\/\/fincaelmorisco.com\/?page_id=6023","name":"\u00a1Fiesta der Sinne auf andalusisch! - Finca el Morisco","isPartOf":{"@id":"https:\/\/fincaelmorisco.com\/#website"},"primaryImageOfPage":{"@id":"https:\/\/fincaelmorisco.com\/?page_id=6023#primaryimage"},"image":{"@id":"https:\/\/fincaelmorisco.com\/?page_id=6023#primaryimage"},"thumbnailUrl":"https:\/\/fincaelmorisco.com\/wp-content\/uploads\/2021\/04\/Finca-El-Morisco-19-e1594753967422.jpg","datePublished":"2020-03-05T21:26:08+00:00","dateModified":"2022-11-12T11:30:35+00:00","breadcrumb":{"@id":"https:\/\/fincaelmorisco.com\/?page_id=6023#breadcrumb"},"inLanguage":"de","potentialAction":[{"@type":"ReadAction","target":["https:\/\/fincaelmorisco.com\/?page_id=6023"]}]},{"@type":"ImageObject","inLanguage":"de","@id":"https:\/\/fincaelmorisco.com\/?page_id=6023#primaryimage","url":"https:\/\/fincaelmorisco.com\/wp-content\/uploads\/2021\/04\/Finca-El-Morisco-19-e1594753967422.jpg","contentUrl":"https:\/\/fincaelmorisco.com\/wp-content\/uploads\/2021\/04\/Finca-El-Morisco-19-e1594753967422.jpg","width":837,"height":586},{"@type":"BreadcrumbList","@id":"https:\/\/fincaelmorisco.com\/?page_id=6023#breadcrumb","itemListElement":[{"@type":"ListItem","position":1,"name":"Home","item":"https:\/\/fincaelmorisco.com\/"},{"@type":"ListItem","position":2,"name":"\u00a1Fiesta der Sinne auf andalusisch!"}]},{"@type":"WebSite","@id":"https:\/\/fincaelmorisco.com\/#website","url":"https:\/\/fincaelmorisco.com\/","name":"Finca el Morisco","description":"Yogaurlaub in Andalusien Finca El Morisco","publisher":{"@id":"https:\/\/fincaelmorisco.com\/#organization"},"potentialAction":[{"@type":"SearchAction","target":{"@type":"EntryPoint","urlTemplate":"https:\/\/fincaelmorisco.com\/?s={search_term_string}"},"query-input":{"@type":"PropertyValueSpecification","valueRequired":true,"valueName":"search_term_string"}}],"inLanguage":"de"},{"@type":"Organization","@id":"https:\/\/fincaelmorisco.com\/#organization","name":"Finca El Morisco","url":"https:\/\/fincaelmorisco.com\/","logo":{"@type":"ImageObject","inLanguage":"de","@id":"https:\/\/fincaelmorisco.com\/#\/schema\/logo\/image\/","url":"https:\/\/fincaelmorisco.com\/wp-content\/uploads\/2022\/02\/Finca-El-Morisco-Logo.png","contentUrl":"https:\/\/fincaelmorisco.com\/wp-content\/uploads\/2022\/02\/Finca-El-Morisco-Logo.png","width":521,"height":123,"caption":"Finca El Morisco"},"image":{"@id":"https:\/\/fincaelmorisco.com\/#\/schema\/logo\/image\/"}}]}},"_links":{"self":[{"href":"https:\/\/fincaelmorisco.com\/index.php?rest_route=\/wp\/v2\/pages\/6023","targetHints":{"allow":["GET"]}}],"collection":[{"href":"https:\/\/fincaelmorisco.com\/index.php?rest_route=\/wp\/v2\/pages"}],"about":[{"href":"https:\/\/fincaelmorisco.com\/index.php?rest_route=\/wp\/v2\/types\/page"}],"author":[{"embeddable":true,"href":"https:\/\/fincaelmorisco.com\/index.php?rest_route=\/wp\/v2\/users\/1"}],"replies":[{"embeddable":true,"href":"https:\/\/fincaelmorisco.com\/index.php?rest_route=%2Fwp%2Fv2%2Fcomments&post=6023"}],"version-history":[{"count":10,"href":"https:\/\/fincaelmorisco.com\/index.php?rest_route=\/wp\/v2\/pages\/6023\/revisions"}],"predecessor-version":[{"id":13113,"href":"https:\/\/fincaelmorisco.com\/index.php?rest_route=\/wp\/v2\/pages\/6023\/revisions\/13113"}],"wp:attachment":[{"href":"https:\/\/fincaelmorisco.com\/index.php?rest_route=%2Fwp%2Fv2%2Fmedia&parent=6023"}],"curies":[{"name":"wp","href":"https:\/\/api.w.org\/{rel}","templated":true}]}}