{"id":20,"date":"2012-05-20T23:32:10","date_gmt":"2012-05-20T23:32:10","guid":{"rendered":"http:\/\/fincaelmorisco.com.w01a58ea.kasserver.com\/andalusien\/"},"modified":"2022-11-03T21:56:24","modified_gmt":"2022-11-03T20:56:24","slug":"andalusien-finca-el-morisco-costa-del-sol-yoga","status":"publish","type":"page","link":"https:\/\/fincaelmorisco.com\/?page_id=20","title":{"rendered":"Andalusien"},"content":{"rendered":"\t\t<div data-elementor-type=\"wp-page\" data-elementor-id=\"20\" class=\"elementor elementor-20\">\n\t\t\t\t\t\t<section class=\"elementor-section elementor-top-section elementor-element elementor-element-a1f0903 elementor-section-boxed elementor-section-height-default elementor-section-height-default\" data-id=\"a1f0903\" data-element_type=\"section\" data-e-type=\"section\">\n\t\t\t\t\t\t<div class=\"elementor-container elementor-column-gap-default\">\n\t\t\t\t\t<div class=\"elementor-column elementor-col-100 elementor-top-column elementor-element elementor-element-e9b577f\" data-id=\"e9b577f\" data-element_type=\"column\" data-e-type=\"column\">\n\t\t\t<div class=\"elementor-widget-wrap elementor-element-populated\">\n\t\t\t\t\t\t<div class=\"elementor-element elementor-element-89792f8 elementor-widget elementor-widget-image\" data-id=\"89792f8\" data-element_type=\"widget\" data-e-type=\"widget\" data-widget_type=\"image.default\">\n\t\t\t\t\t\t\t\t\t\t\t\t\t\t\t\t<a href=\"https:\/\/fincaelmorisco.com\/wp-content\/uploads\/2022\/02\/andalusienkarte.png\" data-elementor-open-lightbox=\"yes\" data-elementor-lightbox-title=\"Andalusienkarte\" data-e-action-hash=\"#elementor-action%3Aaction%3Dlightbox%26settings%3DeyJpZCI6MTEyNDUsInVybCI6Imh0dHBzOlwvXC9maW5jYWVsbW9yaXNjby5jb21cL3dwLWNvbnRlbnRcL3VwbG9hZHNcLzIwMjJcLzAyXC9hbmRhbHVzaWVua2FydGUucG5nIn0%3D\">\n\t\t\t\t\t\t\t<img fetchpriority=\"high\" decoding=\"async\" width=\"480\" height=\"331\" src=\"https:\/\/fincaelmorisco.com\/wp-content\/uploads\/2022\/02\/andalusienkarte.png\" class=\"attachment-large size-large wp-image-11245\" alt=\"\" srcset=\"https:\/\/fincaelmorisco.com\/wp-content\/uploads\/2022\/02\/andalusienkarte.png 480w, https:\/\/fincaelmorisco.com\/wp-content\/uploads\/2022\/02\/andalusienkarte-300x207.png 300w\" sizes=\"(max-width: 480px) 100vw, 480px\" \/>\t\t\t\t\t\t\t\t<\/a>\n\t\t\t\t\t\t\t\t\t\t\t\t\t\t\t<\/div>\n\t\t\t\t\t<\/div>\n\t\t<\/div>\n\t\t\t\t\t<\/div>\n\t\t<\/section>\n\t\t\t\t<section class=\"elementor-section elementor-top-section elementor-element elementor-element-22bc0e2 elementor-section-boxed elementor-section-height-default elementor-section-height-default\" data-id=\"22bc0e2\" data-element_type=\"section\" data-e-type=\"section\">\n\t\t\t\t\t\t<div class=\"elementor-container elementor-column-gap-default\">\n\t\t\t\t\t<div class=\"elementor-column elementor-col-50 elementor-top-column elementor-element elementor-element-26428d2\" data-id=\"26428d2\" data-element_type=\"column\" data-e-type=\"column\">\n\t\t\t<div class=\"elementor-widget-wrap elementor-element-populated\">\n\t\t\t\t\t\t<div class=\"elementor-element elementor-element-6428cd3 e-transform elementor-widget elementor-widget-image\" data-id=\"6428cd3\" data-element_type=\"widget\" data-e-type=\"widget\" data-settings=\"{&quot;_transform_rotateZ_effect_hover&quot;:{&quot;unit&quot;:&quot;px&quot;,&quot;size&quot;:360,&quot;sizes&quot;:[]},&quot;_transform_rotateZ_effect_hover_tablet&quot;:{&quot;unit&quot;:&quot;deg&quot;,&quot;size&quot;:&quot;&quot;,&quot;sizes&quot;:[]},&quot;_transform_rotateZ_effect_hover_mobile&quot;:{&quot;unit&quot;:&quot;deg&quot;,&quot;size&quot;:&quot;&quot;,&quot;sizes&quot;:[]}}\" data-widget_type=\"image.default\">\n\t\t\t\t\t\t\t\t\t\t\t\t\t\t\t\t<a href=\"https:\/\/fincaelmorisco.com\/wp-content\/uploads\/2022\/02\/Sunset.jpg\" data-elementor-open-lightbox=\"yes\" data-elementor-lightbox-title=\"Sonnenuntergang am Strand\" data-e-action-hash=\"#elementor-action%3Aaction%3Dlightbox%26settings%3DeyJpZCI6MTEyNjksInVybCI6Imh0dHBzOlwvXC9maW5jYWVsbW9yaXNjby5jb21cL3dwLWNvbnRlbnRcL3VwbG9hZHNcLzIwMjJcLzAyXC9TdW5zZXQuanBnIn0%3D\">\n\t\t\t\t\t\t\t<img decoding=\"async\" width=\"540\" height=\"304\" src=\"https:\/\/fincaelmorisco.com\/wp-content\/uploads\/2022\/02\/Sunset-768x432.jpg\" class=\"attachment-medium_large size-medium_large wp-image-11269\" alt=\"\" srcset=\"https:\/\/fincaelmorisco.com\/wp-content\/uploads\/2022\/02\/Sunset-768x432.jpg 768w, https:\/\/fincaelmorisco.com\/wp-content\/uploads\/2022\/02\/Sunset-300x169.jpg 300w, https:\/\/fincaelmorisco.com\/wp-content\/uploads\/2022\/02\/Sunset.jpg 960w\" sizes=\"(max-width: 540px) 100vw, 540px\" \/>\t\t\t\t\t\t\t\t<\/a>\n\t\t\t\t\t\t\t\t\t\t\t\t\t\t\t<\/div>\n\t\t\t\t\t<\/div>\n\t\t<\/div>\n\t\t\t\t<div class=\"elementor-column elementor-col-50 elementor-top-column elementor-element elementor-element-d9d1ebb\" data-id=\"d9d1ebb\" data-element_type=\"column\" data-e-type=\"column\">\n\t\t\t<div class=\"elementor-widget-wrap elementor-element-populated\">\n\t\t\t\t\t\t<div class=\"elementor-element elementor-element-05b9857 elementor-widget elementor-widget-text-editor\" data-id=\"05b9857\" data-element_type=\"widget\" data-e-type=\"widget\" data-widget_type=\"text-editor.default\">\n\t\t\t\t\t\t\t\t\t<p>Andalusien, das Land des Lichts, ist neben seinen vielf\u00e4ltigen landschaftlichen Sch\u00f6nheiten, dem Flamenco und seinen kulturellen Sehensw\u00fcrdigkeiten bekannt f\u00fcr die meisten Sonnentage pro Jahr auf dem europ\u00e4ischen Festland.<\/p><p>Eine angenehme Brise vom Meer sorgt f\u00fcr ein gesundes Mikroklima. Im Sommer ist es angenehm warm und im Winter sonnig mild.<\/p>\t\t\t\t\t\t\t\t<\/div>\n\t\t\t\t\t<\/div>\n\t\t<\/div>\n\t\t\t\t\t<\/div>\n\t\t<\/section>\n\t\t\t\t<section class=\"elementor-section elementor-top-section elementor-element elementor-element-e6936b8 elementor-section-boxed elementor-section-height-default elementor-section-height-default\" data-id=\"e6936b8\" data-element_type=\"section\" data-e-type=\"section\">\n\t\t\t\t\t\t<div class=\"elementor-container elementor-column-gap-default\">\n\t\t\t\t\t<div class=\"elementor-column elementor-col-50 elementor-top-column elementor-element elementor-element-5456163\" data-id=\"5456163\" data-element_type=\"column\" data-e-type=\"column\">\n\t\t\t<div class=\"elementor-widget-wrap elementor-element-populated\">\n\t\t\t\t\t\t<div class=\"elementor-element elementor-element-62168f7 elementor-widget elementor-widget-image\" data-id=\"62168f7\" data-element_type=\"widget\" data-e-type=\"widget\" data-widget_type=\"image.default\">\n\t\t\t\t\t\t\t\t\t\t\t\t\t\t\t\t<a href=\"https:\/\/fincaelmorisco.com\/wp-content\/uploads\/2022\/02\/1353978599_3d8e4f2b00_b.jpg\" data-elementor-open-lightbox=\"yes\" data-elementor-lightbox-title=\"&quot;Feria de M\u00e1laga&quot; - Volksfest\" data-e-action-hash=\"#elementor-action%3Aaction%3Dlightbox%26settings%3DeyJpZCI6MTEyNTcsInVybCI6Imh0dHBzOlwvXC9maW5jYWVsbW9yaXNjby5jb21cL3dwLWNvbnRlbnRcL3VwbG9hZHNcLzIwMjJcLzAyXC8xMzUzOTc4NTk5XzNkOGU0ZjJiMDBfYi5qcGcifQ%3D%3D\">\n\t\t\t\t\t\t\t<img decoding=\"async\" width=\"1024\" height=\"768\" src=\"https:\/\/fincaelmorisco.com\/wp-content\/uploads\/2022\/02\/1353978599_3d8e4f2b00_b.jpg\" class=\"attachment-large size-large wp-image-11257\" alt=\"\" srcset=\"https:\/\/fincaelmorisco.com\/wp-content\/uploads\/2022\/02\/1353978599_3d8e4f2b00_b.jpg 1024w, https:\/\/fincaelmorisco.com\/wp-content\/uploads\/2022\/02\/1353978599_3d8e4f2b00_b-300x225.jpg 300w, https:\/\/fincaelmorisco.com\/wp-content\/uploads\/2022\/02\/1353978599_3d8e4f2b00_b-768x576.jpg 768w, https:\/\/fincaelmorisco.com\/wp-content\/uploads\/2022\/02\/1353978599_3d8e4f2b00_b-380x285.jpg 380w, https:\/\/fincaelmorisco.com\/wp-content\/uploads\/2022\/02\/1353978599_3d8e4f2b00_b-285x214.jpg 285w\" sizes=\"(max-width: 1024px) 100vw, 1024px\" \/>\t\t\t\t\t\t\t\t<\/a>\n\t\t\t\t\t\t\t\t\t\t\t\t\t\t\t<\/div>\n\t\t\t\t\t<\/div>\n\t\t<\/div>\n\t\t\t\t<div class=\"elementor-column elementor-col-50 elementor-top-column elementor-element elementor-element-8890427\" data-id=\"8890427\" data-element_type=\"column\" data-e-type=\"column\">\n\t\t\t<div class=\"elementor-widget-wrap elementor-element-populated\">\n\t\t\t\t\t\t<div class=\"elementor-element elementor-element-89e72ec elementor-widget elementor-widget-image\" data-id=\"89e72ec\" data-element_type=\"widget\" data-e-type=\"widget\" data-widget_type=\"image.default\">\n\t\t\t\t\t\t\t\t\t\t\t\t\t\t\t\t<a href=\"https:\/\/fincaelmorisco.com\/wp-content\/uploads\/2022\/02\/mlaga-city-in-spain-420-small.jpg\" data-elementor-open-lightbox=\"yes\" data-elementor-lightbox-title=\"M\u00e1laga\" data-e-action-hash=\"#elementor-action%3Aaction%3Dlightbox%26settings%3DeyJpZCI6MTEyNDgsInVybCI6Imh0dHBzOlwvXC9maW5jYWVsbW9yaXNjby5jb21cL3dwLWNvbnRlbnRcL3VwbG9hZHNcLzIwMjJcLzAyXC9tbGFnYS1jaXR5LWluLXNwYWluLTQyMC1zbWFsbC5qcGcifQ%3D%3D\">\n\t\t\t\t\t\t\t<img loading=\"lazy\" decoding=\"async\" width=\"1024\" height=\"317\" src=\"https:\/\/fincaelmorisco.com\/wp-content\/uploads\/2022\/02\/mlaga-city-in-spain-420-small-1024x317.jpg\" class=\"attachment-large size-large wp-image-11248\" alt=\"\" srcset=\"https:\/\/fincaelmorisco.com\/wp-content\/uploads\/2022\/02\/mlaga-city-in-spain-420-small-1024x317.jpg 1024w, https:\/\/fincaelmorisco.com\/wp-content\/uploads\/2022\/02\/mlaga-city-in-spain-420-small-300x93.jpg 300w, https:\/\/fincaelmorisco.com\/wp-content\/uploads\/2022\/02\/mlaga-city-in-spain-420-small-768x238.jpg 768w, https:\/\/fincaelmorisco.com\/wp-content\/uploads\/2022\/02\/mlaga-city-in-spain-420-small.jpg 1280w\" sizes=\"(max-width: 1024px) 100vw, 1024px\" \/>\t\t\t\t\t\t\t\t<\/a>\n\t\t\t\t\t\t\t\t\t\t\t\t\t\t\t<\/div>\n\t\t\t\t\t<\/div>\n\t\t<\/div>\n\t\t\t\t\t<\/div>\n\t\t<\/section>\n\t\t\t\t<section class=\"elementor-section elementor-top-section elementor-element elementor-element-d844f7f elementor-section-boxed elementor-section-height-default elementor-section-height-default\" data-id=\"d844f7f\" data-element_type=\"section\" data-e-type=\"section\">\n\t\t\t\t\t\t<div class=\"elementor-container elementor-column-gap-default\">\n\t\t\t\t\t<div class=\"elementor-column elementor-col-100 elementor-top-column elementor-element elementor-element-c084e38\" data-id=\"c084e38\" data-element_type=\"column\" data-e-type=\"column\">\n\t\t\t<div class=\"elementor-widget-wrap elementor-element-populated\">\n\t\t\t\t\t\t<div class=\"elementor-element elementor-element-ce0061a elementor-widget elementor-widget-text-editor\" data-id=\"ce0061a\" data-element_type=\"widget\" data-e-type=\"widget\" data-widget_type=\"text-editor.default\">\n\t\t\t\t\t\t\t\t\t<p>M\u00e1laga Hauptstadt der Costa del Sol, bietet eine Vielfalt von Einkaufsm\u00f6glichkeiten, Vegetarische Restaurants, M\u00e4rkte, Museen, Monumente, die Burg der Mauren, die Alcazaba, und vieles vieles mehr an. Jedes Jahr im August findet die &#8222;Feria de M\u00e1laga&#8220; (Volksfest) statt, von morgens bis tief in die Nacht. Tags\u00fcber im Stadtinneren mit Musik und Tanz, abends mit den verschiedensten Attraktionen f\u00fcr Gro\u00df und Klein, Musikkonzerte jeder Art, sowie vieles anderes, wie Pferde- und Kutschvorf\u00fchrungen.<\/p>\t\t\t\t\t\t\t\t<\/div>\n\t\t\t\t\t<\/div>\n\t\t<\/div>\n\t\t\t\t\t<\/div>\n\t\t<\/section>\n\t\t\t\t<section class=\"elementor-section elementor-top-section elementor-element elementor-element-8137ed1 elementor-section-boxed elementor-section-height-default elementor-section-height-default\" data-id=\"8137ed1\" data-element_type=\"section\" data-e-type=\"section\">\n\t\t\t\t\t\t<div class=\"elementor-container elementor-column-gap-default\">\n\t\t\t\t\t<div class=\"elementor-column elementor-col-50 elementor-top-column elementor-element elementor-element-d566c53\" data-id=\"d566c53\" data-element_type=\"column\" data-e-type=\"column\">\n\t\t\t<div class=\"elementor-widget-wrap elementor-element-populated\">\n\t\t\t\t\t\t<div class=\"elementor-element elementor-element-7fbdb88 elementor-invisible elementor-widget elementor-widget-image\" data-id=\"7fbdb88\" data-element_type=\"widget\" data-e-type=\"widget\" data-settings=\"{&quot;_animation&quot;:&quot;bounceIn&quot;}\" data-widget_type=\"image.default\">\n\t\t\t\t\t\t\t\t\t\t\t\t\t\t\t\t<a href=\"https:\/\/fincaelmorisco.com\/wp-content\/uploads\/2022\/02\/13631495815_94e48dbccb_b.jpg\" data-elementor-open-lightbox=\"yes\" data-elementor-lightbox-title=\"Die Alhambra de Granada\" data-e-action-hash=\"#elementor-action%3Aaction%3Dlightbox%26settings%3DeyJpZCI6MTEyNjMsInVybCI6Imh0dHBzOlwvXC9maW5jYWVsbW9yaXNjby5jb21cL3dwLWNvbnRlbnRcL3VwbG9hZHNcLzIwMjJcLzAyXC8xMzYzMTQ5NTgxNV85NGU0OGRiY2NiX2IuanBnIn0%3D\">\n\t\t\t\t\t\t\t<img loading=\"lazy\" decoding=\"async\" width=\"1024\" height=\"576\" src=\"https:\/\/fincaelmorisco.com\/wp-content\/uploads\/2022\/02\/13631495815_94e48dbccb_b.jpg\" class=\"attachment-large size-large wp-image-11263\" alt=\"\" srcset=\"https:\/\/fincaelmorisco.com\/wp-content\/uploads\/2022\/02\/13631495815_94e48dbccb_b.jpg 1024w, https:\/\/fincaelmorisco.com\/wp-content\/uploads\/2022\/02\/13631495815_94e48dbccb_b-300x169.jpg 300w, https:\/\/fincaelmorisco.com\/wp-content\/uploads\/2022\/02\/13631495815_94e48dbccb_b-768x432.jpg 768w\" sizes=\"(max-width: 1024px) 100vw, 1024px\" \/>\t\t\t\t\t\t\t\t<\/a>\n\t\t\t\t\t\t\t\t\t\t\t\t\t\t\t<\/div>\n\t\t\t\t\t<\/div>\n\t\t<\/div>\n\t\t\t\t<div class=\"elementor-column elementor-col-50 elementor-top-column elementor-element elementor-element-e1aa116\" data-id=\"e1aa116\" data-element_type=\"column\" data-e-type=\"column\">\n\t\t\t<div class=\"elementor-widget-wrap elementor-element-populated\">\n\t\t\t\t\t\t<div class=\"elementor-element elementor-element-1daa7ac elementor-widget elementor-widget-text-editor\" data-id=\"1daa7ac\" data-element_type=\"widget\" data-e-type=\"widget\" data-widget_type=\"text-editor.default\">\n\t\t\t\t\t\t\t\t\t<p>In Granada, mit ihrer Alhambra und der Sierra Nevada, C\u00f3rdoba mit der Mezquita und Sevilla mit der Kathedrale und der Giralda, ihr &#8222;Torre del Oro&#8220; (Der Goldturm) wird Geschichte lebendig, dort wo sich Morgenland und Abendland treffen, Kalifen und K\u00f6nige regierten, wo Pal\u00e4ste, G\u00e4rten und Kathedralen vom Glanz vergangener Zeiten erz\u00e4hlen. Der Flamenco, der aus Andalusien stammt, erz\u00e4hlt uns andere Geschichten, von Liebe, Leidenschaft und Sehnsucht.<\/p>\t\t\t\t\t\t\t\t<\/div>\n\t\t\t\t<div class=\"elementor-element elementor-element-b73fe93 elementor-invisible elementor-widget elementor-widget-image\" data-id=\"b73fe93\" data-element_type=\"widget\" data-e-type=\"widget\" data-settings=\"{&quot;_animation&quot;:&quot;fadeInLeft&quot;}\" data-widget_type=\"image.default\">\n\t\t\t\t\t\t\t\t\t\t\t\t\t\t\t\t<a href=\"https:\/\/fincaelmorisco.com\/wp-content\/uploads\/2022\/02\/Plaza_de_Espana_Sevilla_-_01-scaled.jpg\" data-elementor-open-lightbox=\"yes\" data-elementor-lightbox-title=\"Plaza de Espa\u00f1a in Sevilla\" data-e-action-hash=\"#elementor-action%3Aaction%3Dlightbox%26settings%3DeyJpZCI6MTEyNTQsInVybCI6Imh0dHBzOlwvXC9maW5jYWVsbW9yaXNjby5jb21cL3dwLWNvbnRlbnRcL3VwbG9hZHNcLzIwMjJcLzAyXC9QbGF6YV9kZV9Fc3BhbmFfU2V2aWxsYV8tXzAxLXNjYWxlZC5qcGcifQ%3D%3D\">\n\t\t\t\t\t\t\t<img loading=\"lazy\" decoding=\"async\" width=\"1024\" height=\"683\" src=\"https:\/\/fincaelmorisco.com\/wp-content\/uploads\/2022\/02\/Plaza_de_Espana_Sevilla_-_01-1024x683.jpg\" class=\"attachment-large size-large wp-image-11254\" alt=\"\" srcset=\"https:\/\/fincaelmorisco.com\/wp-content\/uploads\/2022\/02\/Plaza_de_Espana_Sevilla_-_01-1024x683.jpg 1024w, https:\/\/fincaelmorisco.com\/wp-content\/uploads\/2022\/02\/Plaza_de_Espana_Sevilla_-_01-300x200.jpg 300w, https:\/\/fincaelmorisco.com\/wp-content\/uploads\/2022\/02\/Plaza_de_Espana_Sevilla_-_01-768x512.jpg 768w, https:\/\/fincaelmorisco.com\/wp-content\/uploads\/2022\/02\/Plaza_de_Espana_Sevilla_-_01-1536x1024.jpg 1536w, https:\/\/fincaelmorisco.com\/wp-content\/uploads\/2022\/02\/Plaza_de_Espana_Sevilla_-_01-2048x1365.jpg 2048w, https:\/\/fincaelmorisco.com\/wp-content\/uploads\/2022\/02\/Plaza_de_Espana_Sevilla_-_01-1140x760.jpg 1140w, https:\/\/fincaelmorisco.com\/wp-content\/uploads\/2022\/02\/Plaza_de_Espana_Sevilla_-_01-570x380.jpg 570w, https:\/\/fincaelmorisco.com\/wp-content\/uploads\/2022\/02\/Plaza_de_Espana_Sevilla_-_01-380x254.jpg 380w, https:\/\/fincaelmorisco.com\/wp-content\/uploads\/2022\/02\/Plaza_de_Espana_Sevilla_-_01-285x190.jpg 285w\" sizes=\"(max-width: 1024px) 100vw, 1024px\" \/>\t\t\t\t\t\t\t\t<\/a>\n\t\t\t\t\t\t\t\t\t\t\t\t\t\t\t<\/div>\n\t\t\t\t\t<\/div>\n\t\t<\/div>\n\t\t\t\t\t<\/div>\n\t\t<\/section>\n\t\t\t\t<section class=\"elementor-section elementor-top-section elementor-element elementor-element-c146ced elementor-section-boxed elementor-section-height-default elementor-section-height-default\" data-id=\"c146ced\" data-element_type=\"section\" data-e-type=\"section\">\n\t\t\t\t\t\t<div class=\"elementor-container elementor-column-gap-default\">\n\t\t\t\t\t<div class=\"elementor-column elementor-col-25 elementor-top-column elementor-element elementor-element-07c4562\" data-id=\"07c4562\" data-element_type=\"column\" data-e-type=\"column\">\n\t\t\t<div class=\"elementor-widget-wrap elementor-element-populated\">\n\t\t\t\t\t\t<div class=\"elementor-element elementor-element-6568e99 elementor-invisible elementor-widget elementor-widget-image\" data-id=\"6568e99\" data-element_type=\"widget\" data-e-type=\"widget\" data-settings=\"{&quot;_animation&quot;:&quot;fadeInDown&quot;}\" data-widget_type=\"image.default\">\n\t\t\t\t\t\t\t\t\t\t\t\t\t\t\t\t<a href=\"https:\/\/fincaelmorisco.com\/wp-content\/uploads\/2022\/02\/12085097623_3b7c837fe2_b.jpg\" data-elementor-open-lightbox=\"yes\" data-elementor-lightbox-title=\"Frigiliana\" data-e-action-hash=\"#elementor-action%3Aaction%3Dlightbox%26settings%3DeyJpZCI6MTEyNjAsInVybCI6Imh0dHBzOlwvXC9maW5jYWVsbW9yaXNjby5jb21cL3dwLWNvbnRlbnRcL3VwbG9hZHNcLzIwMjJcLzAyXC8xMjA4NTA5NzYyM18zYjdjODM3ZmUyX2IuanBnIn0%3D\">\n\t\t\t\t\t\t\t<img decoding=\"async\" src=\"https:\/\/fincaelmorisco.com\/wp-content\/uploads\/2022\/02\/12085097623_3b7c837fe2_b-380x285.jpg\" title=\"Frigiliana\" alt=\"Frigiliana\" loading=\"lazy\" \/>\t\t\t\t\t\t\t\t<\/a>\n\t\t\t\t\t\t\t\t\t\t\t\t\t\t\t<\/div>\n\t\t\t\t\t<\/div>\n\t\t<\/div>\n\t\t\t\t<div class=\"elementor-column elementor-col-25 elementor-top-column elementor-element elementor-element-b3b426e\" data-id=\"b3b426e\" data-element_type=\"column\" data-e-type=\"column\">\n\t\t\t<div class=\"elementor-widget-wrap elementor-element-populated\">\n\t\t\t\t\t\t<div class=\"elementor-element elementor-element-af5983e elementor-widget elementor-widget-text-editor\" data-id=\"af5983e\" data-element_type=\"widget\" data-e-type=\"widget\" data-widget_type=\"text-editor.default\">\n\t\t\t\t\t\t\t\t\t<p>Schon wenige Kilometer fern der belebten K\u00fcste beginnt das stille Andalusien mit seinen wei\u00dfen D\u00f6rfern, den mit Oliven &#8211; und Orangenb\u00e4umen bewachsenen rotbraunen H\u00fcgeln und wilden Felsformationen.<\/p>\t\t\t\t\t\t\t\t<\/div>\n\t\t\t\t\t<\/div>\n\t\t<\/div>\n\t\t\t\t<div class=\"elementor-column elementor-col-25 elementor-top-column elementor-element elementor-element-faa30a9\" data-id=\"faa30a9\" data-element_type=\"column\" data-e-type=\"column\">\n\t\t\t<div class=\"elementor-widget-wrap elementor-element-populated\">\n\t\t\t\t\t\t<div class=\"elementor-element elementor-element-0b6abc7 elementor-invisible elementor-widget elementor-widget-image\" data-id=\"0b6abc7\" data-element_type=\"widget\" data-e-type=\"widget\" data-settings=\"{&quot;_animation&quot;:&quot;fadeInUp&quot;}\" data-widget_type=\"image.default\">\n\t\t\t\t\t\t\t\t\t\t\t\t\t\t\t\t<a href=\"https:\/\/fincaelmorisco.com\/wp-content\/uploads\/2022\/02\/15643077042_68f1d1b163_b.jpg\" data-elementor-open-lightbox=\"yes\" data-elementor-lightbox-title=\"Ronda Br\u00fccke \u00fcben den &quot;Tajo&quot;\" data-e-action-hash=\"#elementor-action%3Aaction%3Dlightbox%26settings%3DeyJpZCI6MTEyNjYsInVybCI6Imh0dHBzOlwvXC9maW5jYWVsbW9yaXNjby5jb21cL3dwLWNvbnRlbnRcL3VwbG9hZHNcLzIwMjJcLzAyXC8xNTY0MzA3NzA0Ml82OGYxZDFiMTYzX2IuanBnIn0%3D\">\n\t\t\t\t\t\t\t<img loading=\"lazy\" decoding=\"async\" width=\"1024\" height=\"765\" src=\"https:\/\/fincaelmorisco.com\/wp-content\/uploads\/2022\/02\/15643077042_68f1d1b163_b.jpg\" class=\"attachment-large size-large wp-image-11266\" alt=\"\" srcset=\"https:\/\/fincaelmorisco.com\/wp-content\/uploads\/2022\/02\/15643077042_68f1d1b163_b.jpg 1024w, https:\/\/fincaelmorisco.com\/wp-content\/uploads\/2022\/02\/15643077042_68f1d1b163_b-300x224.jpg 300w, https:\/\/fincaelmorisco.com\/wp-content\/uploads\/2022\/02\/15643077042_68f1d1b163_b-768x574.jpg 768w, https:\/\/fincaelmorisco.com\/wp-content\/uploads\/2022\/02\/15643077042_68f1d1b163_b-380x285.jpg 380w, https:\/\/fincaelmorisco.com\/wp-content\/uploads\/2022\/02\/15643077042_68f1d1b163_b-285x214.jpg 285w\" sizes=\"(max-width: 1024px) 100vw, 1024px\" \/>\t\t\t\t\t\t\t\t<\/a>\n\t\t\t\t\t\t\t\t\t\t\t\t\t\t\t<\/div>\n\t\t\t\t\t<\/div>\n\t\t<\/div>\n\t\t\t\t<div class=\"elementor-column elementor-col-25 elementor-top-column elementor-element elementor-element-5247643\" data-id=\"5247643\" data-element_type=\"column\" data-e-type=\"column\">\n\t\t\t<div class=\"elementor-widget-wrap elementor-element-populated\">\n\t\t\t\t\t\t<div class=\"elementor-element elementor-element-502bb47 elementor-invisible elementor-widget elementor-widget-image\" data-id=\"502bb47\" data-element_type=\"widget\" data-e-type=\"widget\" data-settings=\"{&quot;_animation&quot;:&quot;fadeInDown&quot;}\" data-widget_type=\"image.default\">\n\t\t\t\t\t\t\t\t\t\t\t\t\t\t\t\t<a href=\"https:\/\/fincaelmorisco.com\/wp-content\/uploads\/2022\/02\/Parque_Natural_Sierra_de_Tejeda_Almijara_y_Alhama_8730680443-scaled.jpg\" data-elementor-open-lightbox=\"yes\" data-elementor-lightbox-title=\"Natural Park Sierra Tejeda\" data-e-action-hash=\"#elementor-action%3Aaction%3Dlightbox%26settings%3DeyJpZCI6MTEyNTEsInVybCI6Imh0dHBzOlwvXC9maW5jYWVsbW9yaXNjby5jb21cL3dwLWNvbnRlbnRcL3VwbG9hZHNcLzIwMjJcLzAyXC9QYXJxdWVfTmF0dXJhbF9TaWVycmFfZGVfVGVqZWRhX0FsbWlqYXJhX3lfQWxoYW1hXzg3MzA2ODA0NDMtc2NhbGVkLmpwZyJ9\">\n\t\t\t\t\t\t\t<img loading=\"lazy\" decoding=\"async\" width=\"1024\" height=\"768\" src=\"https:\/\/fincaelmorisco.com\/wp-content\/uploads\/2022\/02\/Parque_Natural_Sierra_de_Tejeda_Almijara_y_Alhama_8730680443-1024x768.jpg\" class=\"attachment-large size-large wp-image-11251\" alt=\"\" srcset=\"https:\/\/fincaelmorisco.com\/wp-content\/uploads\/2022\/02\/Parque_Natural_Sierra_de_Tejeda_Almijara_y_Alhama_8730680443-1024x768.jpg 1024w, https:\/\/fincaelmorisco.com\/wp-content\/uploads\/2022\/02\/Parque_Natural_Sierra_de_Tejeda_Almijara_y_Alhama_8730680443-300x225.jpg 300w, https:\/\/fincaelmorisco.com\/wp-content\/uploads\/2022\/02\/Parque_Natural_Sierra_de_Tejeda_Almijara_y_Alhama_8730680443-768x576.jpg 768w, https:\/\/fincaelmorisco.com\/wp-content\/uploads\/2022\/02\/Parque_Natural_Sierra_de_Tejeda_Almijara_y_Alhama_8730680443-1536x1152.jpg 1536w, https:\/\/fincaelmorisco.com\/wp-content\/uploads\/2022\/02\/Parque_Natural_Sierra_de_Tejeda_Almijara_y_Alhama_8730680443-2048x1536.jpg 2048w, https:\/\/fincaelmorisco.com\/wp-content\/uploads\/2022\/02\/Parque_Natural_Sierra_de_Tejeda_Almijara_y_Alhama_8730680443-380x285.jpg 380w, https:\/\/fincaelmorisco.com\/wp-content\/uploads\/2022\/02\/Parque_Natural_Sierra_de_Tejeda_Almijara_y_Alhama_8730680443-285x214.jpg 285w\" sizes=\"(max-width: 1024px) 100vw, 1024px\" \/>\t\t\t\t\t\t\t\t<\/a>\n\t\t\t\t\t\t\t\t\t\t\t\t\t\t\t<\/div>\n\t\t\t\t\t<\/div>\n\t\t<\/div>\n\t\t\t\t\t<\/div>\n\t\t<\/section>\n\t\t\t\t<\/div>\n\t\t","protected":false},"excerpt":{"rendered":"<p>Andalusien, das Land des Lichts, ist neben seinen vielf\u00e4ltigen landschaftlichen Sch\u00f6nheiten, dem Flamenco und seinen kulturellen Sehensw\u00fcrdigkeiten bekannt f\u00fcr die meisten Sonnentage pro Jahr auf dem europ\u00e4ischen Festland. Eine angenehme Brise vom Meer sorgt f\u00fcr ein gesundes Mikroklima. Im Sommer <a class=\"more-link\" href=\"https:\/\/fincaelmorisco.com\/?page_id=20\">weiterlesen&#8230;<\/a><\/p>\n","protected":false},"author":1,"featured_media":0,"parent":0,"menu_order":2,"comment_status":"closed","ping_status":"closed","template":"","meta":{"_exactmetrics_skip_tracking":false,"_exactmetrics_sitenote_active":false,"_exactmetrics_sitenote_note":"","_exactmetrics_sitenote_category":0,"footnotes":""},"class_list":["post-20","page","type-page","status-publish","hentry"],"yoast_head":"<!-- This site is optimized with the Yoast SEO plugin v27.4 - https:\/\/yoast.com\/product\/yoast-seo-wordpress\/ -->\n<title>Andalusien - Finca el Morisco<\/title>\n<meta name=\"description\" content=\"Finca el Morisco, in Benajarafe, Sonne, Meer, Yoga und Seminare\" \/>\n<meta name=\"robots\" content=\"index, follow, max-snippet:-1, max-image-preview:large, max-video-preview:-1\" \/>\n<link rel=\"canonical\" href=\"https:\/\/fincaelmorisco.com\/?page_id=20\" \/>\n<meta property=\"og:locale\" content=\"de_DE\" \/>\n<meta property=\"og:type\" content=\"article\" \/>\n<meta property=\"og:title\" content=\"Andalusien - Finca el Morisco\" \/>\n<meta property=\"og:description\" content=\"Finca el Morisco, in Benajarafe, Sonne, Meer, Yoga und Seminare\" \/>\n<meta property=\"og:url\" content=\"https:\/\/fincaelmorisco.com\/?page_id=20\" \/>\n<meta property=\"og:site_name\" content=\"Finca el Morisco\" \/>\n<meta property=\"article:modified_time\" content=\"2022-11-03T20:56:24+00:00\" \/>\n<meta property=\"og:image\" content=\"https:\/\/fincaelmorisco.com\/wp-content\/uploads\/2022\/02\/andalusienkarte.png\" \/>\n<meta name=\"twitter:card\" content=\"summary_large_image\" \/>\n<meta name=\"twitter:label1\" content=\"Gesch\u00e4tzte Lesezeit\" \/>\n\t<meta name=\"twitter:data1\" content=\"3\u00a0Minuten\" \/>\n<script type=\"application\/ld+json\" class=\"yoast-schema-graph\">{\"@context\":\"https:\\\/\\\/schema.org\",\"@graph\":[{\"@type\":\"WebPage\",\"@id\":\"https:\\\/\\\/fincaelmorisco.com\\\/?page_id=20\",\"url\":\"https:\\\/\\\/fincaelmorisco.com\\\/?page_id=20\",\"name\":\"Andalusien - Finca el Morisco\",\"isPartOf\":{\"@id\":\"https:\\\/\\\/fincaelmorisco.com\\\/#website\"},\"primaryImageOfPage\":{\"@id\":\"https:\\\/\\\/fincaelmorisco.com\\\/?page_id=20#primaryimage\"},\"image\":{\"@id\":\"https:\\\/\\\/fincaelmorisco.com\\\/?page_id=20#primaryimage\"},\"thumbnailUrl\":\"https:\\\/\\\/fincaelmorisco.com\\\/wp-content\\\/uploads\\\/2022\\\/02\\\/andalusienkarte.png\",\"datePublished\":\"2012-05-20T23:32:10+00:00\",\"dateModified\":\"2022-11-03T20:56:24+00:00\",\"description\":\"Finca el Morisco, in Benajarafe, Sonne, Meer, Yoga und Seminare\",\"breadcrumb\":{\"@id\":\"https:\\\/\\\/fincaelmorisco.com\\\/?page_id=20#breadcrumb\"},\"inLanguage\":\"de\",\"potentialAction\":[{\"@type\":\"ReadAction\",\"target\":[\"https:\\\/\\\/fincaelmorisco.com\\\/?page_id=20\"]}]},{\"@type\":\"ImageObject\",\"inLanguage\":\"de\",\"@id\":\"https:\\\/\\\/fincaelmorisco.com\\\/?page_id=20#primaryimage\",\"url\":\"https:\\\/\\\/fincaelmorisco.com\\\/wp-content\\\/uploads\\\/2022\\\/02\\\/andalusienkarte.png\",\"contentUrl\":\"https:\\\/\\\/fincaelmorisco.com\\\/wp-content\\\/uploads\\\/2022\\\/02\\\/andalusienkarte.png\",\"width\":480,\"height\":331},{\"@type\":\"BreadcrumbList\",\"@id\":\"https:\\\/\\\/fincaelmorisco.com\\\/?page_id=20#breadcrumb\",\"itemListElement\":[{\"@type\":\"ListItem\",\"position\":1,\"name\":\"Home\",\"item\":\"https:\\\/\\\/fincaelmorisco.com\\\/\"},{\"@type\":\"ListItem\",\"position\":2,\"name\":\"Andalusien\"}]},{\"@type\":\"WebSite\",\"@id\":\"https:\\\/\\\/fincaelmorisco.com\\\/#website\",\"url\":\"https:\\\/\\\/fincaelmorisco.com\\\/\",\"name\":\"Finca el Morisco\",\"description\":\"Yogaurlaub in Andalusien Finca El Morisco\",\"publisher\":{\"@id\":\"https:\\\/\\\/fincaelmorisco.com\\\/#organization\"},\"potentialAction\":[{\"@type\":\"SearchAction\",\"target\":{\"@type\":\"EntryPoint\",\"urlTemplate\":\"https:\\\/\\\/fincaelmorisco.com\\\/?s={search_term_string}\"},\"query-input\":{\"@type\":\"PropertyValueSpecification\",\"valueRequired\":true,\"valueName\":\"search_term_string\"}}],\"inLanguage\":\"de\"},{\"@type\":\"Organization\",\"@id\":\"https:\\\/\\\/fincaelmorisco.com\\\/#organization\",\"name\":\"Finca El Morisco\",\"url\":\"https:\\\/\\\/fincaelmorisco.com\\\/\",\"logo\":{\"@type\":\"ImageObject\",\"inLanguage\":\"de\",\"@id\":\"https:\\\/\\\/fincaelmorisco.com\\\/#\\\/schema\\\/logo\\\/image\\\/\",\"url\":\"https:\\\/\\\/fincaelmorisco.com\\\/wp-content\\\/uploads\\\/2022\\\/02\\\/Finca-El-Morisco-Logo.png\",\"contentUrl\":\"https:\\\/\\\/fincaelmorisco.com\\\/wp-content\\\/uploads\\\/2022\\\/02\\\/Finca-El-Morisco-Logo.png\",\"width\":521,\"height\":123,\"caption\":\"Finca El Morisco\"},\"image\":{\"@id\":\"https:\\\/\\\/fincaelmorisco.com\\\/#\\\/schema\\\/logo\\\/image\\\/\"}}]}<\/script>\n<!-- \/ Yoast SEO plugin. -->","yoast_head_json":{"title":"Andalusien - Finca el Morisco","description":"Finca el Morisco, in Benajarafe, Sonne, Meer, Yoga und Seminare","robots":{"index":"index","follow":"follow","max-snippet":"max-snippet:-1","max-image-preview":"max-image-preview:large","max-video-preview":"max-video-preview:-1"},"canonical":"https:\/\/fincaelmorisco.com\/?page_id=20","og_locale":"de_DE","og_type":"article","og_title":"Andalusien - Finca el Morisco","og_description":"Finca el Morisco, in Benajarafe, Sonne, Meer, Yoga und Seminare","og_url":"https:\/\/fincaelmorisco.com\/?page_id=20","og_site_name":"Finca el Morisco","article_modified_time":"2022-11-03T20:56:24+00:00","og_image":[{"url":"https:\/\/fincaelmorisco.com\/wp-content\/uploads\/2022\/02\/andalusienkarte.png","type":"","width":"","height":""}],"twitter_card":"summary_large_image","twitter_misc":{"Gesch\u00e4tzte Lesezeit":"3\u00a0Minuten"},"schema":{"@context":"https:\/\/schema.org","@graph":[{"@type":"WebPage","@id":"https:\/\/fincaelmorisco.com\/?page_id=20","url":"https:\/\/fincaelmorisco.com\/?page_id=20","name":"Andalusien - Finca el Morisco","isPartOf":{"@id":"https:\/\/fincaelmorisco.com\/#website"},"primaryImageOfPage":{"@id":"https:\/\/fincaelmorisco.com\/?page_id=20#primaryimage"},"image":{"@id":"https:\/\/fincaelmorisco.com\/?page_id=20#primaryimage"},"thumbnailUrl":"https:\/\/fincaelmorisco.com\/wp-content\/uploads\/2022\/02\/andalusienkarte.png","datePublished":"2012-05-20T23:32:10+00:00","dateModified":"2022-11-03T20:56:24+00:00","description":"Finca el Morisco, in Benajarafe, Sonne, Meer, Yoga und Seminare","breadcrumb":{"@id":"https:\/\/fincaelmorisco.com\/?page_id=20#breadcrumb"},"inLanguage":"de","potentialAction":[{"@type":"ReadAction","target":["https:\/\/fincaelmorisco.com\/?page_id=20"]}]},{"@type":"ImageObject","inLanguage":"de","@id":"https:\/\/fincaelmorisco.com\/?page_id=20#primaryimage","url":"https:\/\/fincaelmorisco.com\/wp-content\/uploads\/2022\/02\/andalusienkarte.png","contentUrl":"https:\/\/fincaelmorisco.com\/wp-content\/uploads\/2022\/02\/andalusienkarte.png","width":480,"height":331},{"@type":"BreadcrumbList","@id":"https:\/\/fincaelmorisco.com\/?page_id=20#breadcrumb","itemListElement":[{"@type":"ListItem","position":1,"name":"Home","item":"https:\/\/fincaelmorisco.com\/"},{"@type":"ListItem","position":2,"name":"Andalusien"}]},{"@type":"WebSite","@id":"https:\/\/fincaelmorisco.com\/#website","url":"https:\/\/fincaelmorisco.com\/","name":"Finca el Morisco","description":"Yogaurlaub in Andalusien Finca El Morisco","publisher":{"@id":"https:\/\/fincaelmorisco.com\/#organization"},"potentialAction":[{"@type":"SearchAction","target":{"@type":"EntryPoint","urlTemplate":"https:\/\/fincaelmorisco.com\/?s={search_term_string}"},"query-input":{"@type":"PropertyValueSpecification","valueRequired":true,"valueName":"search_term_string"}}],"inLanguage":"de"},{"@type":"Organization","@id":"https:\/\/fincaelmorisco.com\/#organization","name":"Finca El Morisco","url":"https:\/\/fincaelmorisco.com\/","logo":{"@type":"ImageObject","inLanguage":"de","@id":"https:\/\/fincaelmorisco.com\/#\/schema\/logo\/image\/","url":"https:\/\/fincaelmorisco.com\/wp-content\/uploads\/2022\/02\/Finca-El-Morisco-Logo.png","contentUrl":"https:\/\/fincaelmorisco.com\/wp-content\/uploads\/2022\/02\/Finca-El-Morisco-Logo.png","width":521,"height":123,"caption":"Finca El Morisco"},"image":{"@id":"https:\/\/fincaelmorisco.com\/#\/schema\/logo\/image\/"}}]}},"_links":{"self":[{"href":"https:\/\/fincaelmorisco.com\/index.php?rest_route=\/wp\/v2\/pages\/20","targetHints":{"allow":["GET"]}}],"collection":[{"href":"https:\/\/fincaelmorisco.com\/index.php?rest_route=\/wp\/v2\/pages"}],"about":[{"href":"https:\/\/fincaelmorisco.com\/index.php?rest_route=\/wp\/v2\/types\/page"}],"author":[{"embeddable":true,"href":"https:\/\/fincaelmorisco.com\/index.php?rest_route=\/wp\/v2\/users\/1"}],"replies":[{"embeddable":true,"href":"https:\/\/fincaelmorisco.com\/index.php?rest_route=%2Fwp%2Fv2%2Fcomments&post=20"}],"version-history":[{"count":10,"href":"https:\/\/fincaelmorisco.com\/index.php?rest_route=\/wp\/v2\/pages\/20\/revisions"}],"predecessor-version":[{"id":12898,"href":"https:\/\/fincaelmorisco.com\/index.php?rest_route=\/wp\/v2\/pages\/20\/revisions\/12898"}],"wp:attachment":[{"href":"https:\/\/fincaelmorisco.com\/index.php?rest_route=%2Fwp%2Fv2%2Fmedia&parent=20"}],"curies":[{"name":"wp","href":"https:\/\/api.w.org\/{rel}","templated":true}]}}